{"id":644,"date":"2024-04-28T22:29:21","date_gmt":"2024-04-28T20:29:21","guid":{"rendered":"https:\/\/junliangma.com\/?page_id=644"},"modified":"2026-04-22T22:31:44","modified_gmt":"2026-04-22T20:31:44","slug":"evenements-precedents","status":"publish","type":"page","link":"https:\/\/junliangma.com\/index.php\/evenement\/evenements-precedents\/","title":{"rendered":"\u00c9v\u00e8nements\u00a0pr\u00e9c\u00e9dents"},"content":{"rendered":"\n<p>2026<\/p>\n\n\n\n<ul>\n<li style=\"font-style:normal;font-weight:300\">5-6 avril March\u00e9 des potiers et des c\u00e9ramistes, Bandol (FR)<\/li>\n<\/ul>\n\n\n\n<p class=\"has-text-align-left\">2025<\/p>\n\n\n\n<ul>\n<li style=\"font-style:normal;font-weight:300\">12-22 d\u00e9cembre OZ Le No\u00ebl des m\u00e9tiers d&#8217;Art, Strasbourg (FR)<\/li>\n<\/ul>\n\n\n\n<ul>\n<li style=\"font-style:normal;font-weight:300\">7-11 novembre 13e \u00e9dition R\u00e9sonances, Strasbourg (FR)<\/li>\n<\/ul>\n\n\n\n<ul>\n<li style=\"font-style:normal;font-weight:300\">17-19 octobre salon d\u2019Arts en Artisans, Montigny-les-Metz (FR)<\/li>\n<\/ul>\n\n\n\n<ul>\n<li style=\"font-style:normal;font-weight:300\">2-5 octobre 21e \u00e9dition Salon C14 Paris (FR)<\/li>\n<\/ul>\n\n\n\n<ul>\n<li style=\"font-style:normal;font-weight:300\">20-21 septembre march\u00e9 de potiers, Melun (FR)<\/li>\n<\/ul>\n\n\n\n<ul>\n<li style=\"font-style:normal;font-weight:300\">22-24 ao\u00fbt 26e March\u00e9 international des potiers \u00e0 Guewenheim (FR)<\/li>\n<\/ul>\n\n\n\n<ul>\n<li style=\"font-style:normal;font-weight:300\">14-15 ao\u00fbt 32e March\u00e9 des potiers de Caylus (FR)<\/li>\n<\/ul>\n\n\n\n<ul>\n<li style=\"font-style:normal;font-weight:300\">19-20 juillet 43e Foire des potiers, Saint-Sauveur en Puisaye (FR)<\/li>\n<\/ul>\n\n\n\n<ul>\n<li style=\"font-style:normal;font-weight:300\">28-29 juin, 4e \u00e9dition Journ\u00e9es da la c\u00e9ramique de Delft (NL)<\/li>\n<\/ul>\n\n\n\n<ul>\n<li style=\"font-style:normal;font-weight:300\">14-15 juin, 5e \u00e9dition March\u00e9 des potiers, Poitiers (FR)<\/li>\n<\/ul>\n\n\n\n<ul>\n<li style=\"font-style:normal;font-weight:300\">31 mai et 1 juin March\u00e9 des potiers de Nancy (FR)<\/li>\n<\/ul>\n\n\n\n<ul>\n<li style=\"font-style:normal;font-weight:300\">8-11 mai, 8e \u00e9dition Salon Haut la Main, Obernai (FR)<\/li>\n<\/ul>\n\n\n\n<ul>\n<li style=\"font-style:normal;font-weight:300\">20-21 avril, March\u00e9 des potiers et des c\u00e9ramistes, Bandol (FR)<\/li>\n<\/ul>\n\n\n\n<p><\/p>\n\n\n\n<p>2024<\/p>\n\n\n\n<ul>\n<li style=\"font-style:normal;font-weight:300\">8-11 novembre, 12e \u00e9dition du salon r\u00e9sonances Strasbourg (FR)<\/li>\n<\/ul>\n\n\n\n<ul>\n<li style=\"font-style:normal;font-weight:300\">3-6 octobre, 20e \u00e9dition Salon C14 Paris (FR)<\/li>\n<\/ul>\n\n\n\n<ul>\n<li style=\"font-style:normal;font-weight:300\">28-29 septembre, 8e \u00e9dition &#8220;Week-end de la c\u00e9ramique et verre&#8221; Enghien (BE)<\/li>\n<\/ul>\n\n\n\n<ul>\n<li style=\"font-style:normal;font-weight:300\">14-15 ao\u00fbt, 31e \u00e9dition du march\u00e9 des potiers de Caylus (FR)<\/li>\n<\/ul>\n\n\n\n<ul>\n<li style=\"font-style:normal;font-weight:300\">20-21 juillet, Foire des potiers de Saint-Sauveur-en-Puisaye (FR)<\/li>\n<\/ul>\n\n\n\n<ul>\n<li style=\"font-style:normal;font-weight:300\">12-14 juillet, Terralha Festival Europ\u00e9en C\u00e9ramique Saint-Quentin-la-Poterie (FR)<\/li>\n<\/ul>\n\n\n\n<ul>\n<li style=\"font-style:normal;font-weight:300\">15-16 juin, 4e \u00e9dition du march\u00e9 des potiers de Poitiers (FR)<\/li>\n<\/ul>\n\n\n\n<ul>\n<li style=\"font-style:normal;font-weight:300\">6-21 avril, SORTIE DE R\u00c9SIDENCE, Saint-Quentin-la-Poterie (FR)<\/li>\n<\/ul>\n\n\n\n<p><\/p>\n\n\n\n<p><\/p>\n","protected":false},"excerpt":{"rendered":"<p>2026 2025 2024<\/p>\n","protected":false},"author":1,"featured_media":0,"parent":650,"menu_order":0,"comment_status":"closed","ping_status":"closed","template":"","meta":{"_ti_tpc_template_sync":false,"_ti_tpc_template_id":"","footnotes":""},"_links":{"self":[{"href":"https:\/\/junliangma.com\/index.php\/wp-json\/wp\/v2\/pages\/644"}],"collection":[{"href":"https:\/\/junliangma.com\/index.php\/wp-json\/wp\/v2\/pages"}],"about":[{"href":"https:\/\/junliangma.com\/index.php\/wp-json\/wp\/v2\/types\/page"}],"author":[{"embeddable":true,"href":"https:\/\/junliangma.com\/index.php\/wp-json\/wp\/v2\/users\/1"}],"replies":[{"embeddable":true,"href":"https:\/\/junliangma.com\/index.php\/wp-json\/wp\/v2\/comments?post=644"}],"version-history":[{"count":28,"href":"https:\/\/junliangma.com\/index.php\/wp-json\/wp\/v2\/pages\/644\/revisions"}],"predecessor-version":[{"id":770,"href":"https:\/\/junliangma.com\/index.php\/wp-json\/wp\/v2\/pages\/644\/revisions\/770"}],"up":[{"embeddable":true,"href":"https:\/\/junliangma.com\/index.php\/wp-json\/wp\/v2\/pages\/650"}],"wp:attachment":[{"href":"https:\/\/junliangma.com\/index.php\/wp-json\/wp\/v2\/media?parent=644"}],"curies":[{"name":"wp","href":"https:\/\/api.w.org\/{rel}","templated":true}]}}